{"id":164,"date":"2024-03-18T11:40:18","date_gmt":"2024-03-18T11:40:18","guid":{"rendered":"http:\/\/xn--laviacr-7za.com\/?page_id=164"},"modified":"2024-04-01T11:28:14","modified_gmt":"2024-04-01T11:28:14","slug":"prueba","status":"publish","type":"page","link":"http:\/\/xn--laviacr-7za.com\/index.php\/prueba\/","title":{"rendered":"POL\u00cdTICA DE PRIVACIDAD"},"content":{"rendered":"\n<p><strong>POL\u00cdTICA DE PRIVACIDAD DEL SITIO WEB&nbsp;&nbsp;lavi\u00f1acr.com<\/strong><\/p>\n\n\n\n<p><strong>POL\u00cdTICA DE PRIVACIDAD Y PROTECCI\u00d3N DE DATOS<\/strong><\/p>\n\n\n\n<p>Respetando lo establecido en la legislaci\u00f3n vigente, Casa Rural La Vi\u00f1a (en adelante, tambi\u00e9n Sitio Web) se compromete a adoptar las medidas t\u00e9cnicas y organizativas necesarias, seg\u00fan el nivel de seguridad adecuado al riesgo de los datos recogidos.<\/p>\n\n\n\n<p><strong>Leyes que incorpora esta pol\u00edtica de privacidad<\/strong><\/p>\n\n\n\n<p>Esta pol\u00edtica de privacidad est\u00e1 adaptada a la normativa espa\u00f1ola y europea vigente en materia de protecci\u00f3n de datos personales en internet. En concreto, la misma respeta las siguientes normas:<\/p>\n\n\n\n<ul class=\"wp-block-list\">\n<li>El Reglamento (UE) 2016\/679 del Parlamento Europeo y del Consejo, de 27 de abril de 2016, relativo a la protecci\u00f3n de las personas f\u00edsicas en lo que respecta al tratamiento de datos personales y a la libre circulaci\u00f3n de estos datos (RGPD).<\/li>\n\n\n\n<li>El Real Decreto-ley 5\/2018, de 27 de julio, de medidas urgentes para la adaptaci\u00f3n del Derecho espa\u00f1ol a la normativa de la Uni\u00f3n Europea en materia de protecci\u00f3n de datos.<\/li>\n\n\n\n<li>Ley Org\u00e1nica 3\/2018, de 5 de diciembre, de Protecci\u00f3n de<br>Datos Personales y garant\u00eda de los derechos digitales.<\/li>\n\n\n\n<li>El Real Decreto 1720\/2007, de 21 de diciembre, por el que se aprueba el Reglamento de desarrollo de la Ley Org\u00e1nica 15\/1999, de 13 de diciembre, de Protecci\u00f3n de Datos de Car\u00e1cter Personal (RDLOPD).<\/li>\n\n\n\n<li>La Ley 34\/2002, de 11 de julio, de Servicios de la Sociedad de la Informaci\u00f3n y de Comercio Electr\u00f3nico (LSSI-CE).<\/li>\n<\/ul>\n\n\n\n<p><strong>Identidad del responsable del tratamiento de los datos personales<\/strong><\/p>\n\n\n\n<p>El responsable del tratamiento de los datos personales recogidos en&nbsp;<strong>Casa Rural La Vi\u00f1a<\/strong>&nbsp;es:&nbsp;<strong>Maria del Carmen Rayo Herrera<\/strong>, con NIF:<strong>&nbsp;53262365T<\/strong>&nbsp;(en adelante, Responsable del tratamiento). Sus datos de contacto son los siguientes:<\/p>\n\n\n\n<p>Direcci\u00f3n:<\/p>\n\n\n\n<p>Calle Federico Garc\u00eda Lorca 41<\/p>\n\n\n\n<p>Puebla de Alcocer (Badajoz)<\/p>\n\n\n\n<p>Tel\u00e9fono de contacto: 618 205 964<\/p>\n\n\n\n<p>Email de contacto: lavinacrpuebla@gmail.com<\/p>\n\n\n\n<p><strong>Registro de Datos de Car\u00e1cter Personal<\/strong><\/p>\n\n\n\n<p>Los datos personales recabados por&nbsp;<strong>Casa Rural La Vi\u00f1a<\/strong>, mediante el formulario de la p\u00e1gina contacto s\u00f3lo servir\u00e1n para ponernos en contacto con el cliente, cotizar su reserva y , en su caso, formalizar la misma, siendo eliminados una vez finalizado el proceso.<\/p>\n\n\n\n<p><strong>Principios aplicables al tratamiento de los datos personales<\/strong><\/p>\n\n\n\n<p>El tratamiento de los datos personales del Usuario se someter\u00e1 a los siguientes principios recogidos en el art\u00edculo 5 del RGPD:<\/p>\n\n\n\n<ul class=\"wp-block-list\">\n<li>Principio de licitud, lealtad y transparencia: se requerir\u00e1 en todo momento el consentimiento del Usuario previa informaci\u00f3n completamente transparente de los fines para los cuales se recogen los datos personales.<\/li>\n\n\n\n<li>Principio de limitaci\u00f3n de la finalidad: los datos personales ser\u00e1n recogidos con fines determinados, expl\u00edcitos y leg\u00edtimos.<\/li>\n\n\n\n<li>Principio de minimizaci\u00f3n de datos: los datos personales recogidos ser\u00e1n \u00fanicamente los estrictamente necesarios en relaci\u00f3n con los fines para los que son tratados.<\/li>\n\n\n\n<li>Principio de exactitud: los datos personales deben ser exactos y estar siempre actualizados.<\/li>\n\n\n\n<li>Principio de limitaci\u00f3n del plazo de conservaci\u00f3n: los datos personales solo ser\u00e1n mantenidos de forma que se permita la identificaci\u00f3n del Usuario durante el tiempo necesario para los fines de su tratamiento.<\/li>\n\n\n\n<li>Principio de integridad y confidencialidad: los datos personales ser\u00e1n tratados de manera que se garantice su seguridad y confidencialidad.<\/li>\n\n\n\n<li>Principio de responsabilidad proactiva: el Responsable del tratamiento ser\u00e1 responsable de asegurar que los principios anteriores se cumplen.<\/li>\n<\/ul>\n\n\n\n<p><strong>Categor\u00edas de datos personales<\/strong><\/p>\n\n\n\n<p>Las categor\u00edas de datos que se tratan en&nbsp;<strong>Casa Rural La Vi\u00f1a<\/strong>&nbsp;son \u00fanicamente datos identificativos y de contacto. En ning\u00fan caso, se tratan categor\u00edas especiales de datos personales en el sentido del art\u00edculo 9 del RGPD.<\/p>\n\n\n\n<p><strong>Base legal para el tratamiento de los datos personales<\/strong><\/p>\n\n\n\n<p>La base legal para el tratamiento de los datos personales es el consentimiento.&nbsp;<strong>Casa Rural La Vi\u00f1a<\/strong>&nbsp;se compromete a recabar el consentimiento expreso y verificable del Usuario para el tratamiento de sus datos personales para uno o varios fines espec\u00edficos.<\/p>\n\n\n\n<p>El Usuario tendr\u00e1 derecho a retirar su consentimiento en cualquier momento. Ser\u00e1 tan f\u00e1cil retirar el consentimiento como darlo. Como regla general, la retirada del consentimiento no condicionar\u00e1 el uso del Sitio Web.<\/p>\n\n\n\n<p>En las ocasiones en las que el Usuario deba o pueda facilitar sus datos a trav\u00e9s de formularios para realizar consultas, solicitar informaci\u00f3n o por motivos relacionados con el contenido del Sitio Web, se le informar\u00e1 en caso de que la cumplimentaci\u00f3n de alguno de ellos sea obligatoria debido a que los mismos sean imprescindibles para el correcto desarrollo de la operaci\u00f3n realizada.<\/p>\n\n\n\n<p><strong>Fines del tratamiento a que se destinan los datos personales<\/strong><\/p>\n\n\n\n<p>Los datos personales son recabados y gestionados por&nbsp;<strong>Casa Rural La Vi\u00f1a<\/strong>&nbsp;con la finalidad de poder facilitar, agilizar y cumplir los compromisos establecidos entre el Sitio Web y el Usuario o el mantenimiento de la relaci\u00f3n que se establezca en los formularios que este \u00faltimo rellene o para atender una solicitud o consulta.<\/p>\n\n\n\n<p>Igualmente, los datos podr\u00e1n ser utilizados con una finalidad comercial de personalizaci\u00f3n, operativa y estad\u00edstica, y actividades propias del objeto social de&nbsp;<strong>Casa Rural La Vi\u00f1a<\/strong>, as\u00ed como para la extracci\u00f3n, almacenamiento de datos y estudios de marketing para adecuar el Contenido ofertado al Usuario, as\u00ed como mejorar la calidad, funcionamiento y navegaci\u00f3n por el Sitio Web.<\/p>\n\n\n\n<p>En el momento en que se obtengan los datos personales, se informar\u00e1 al Usuario acerca del fin o fines espec\u00edficos del tratamiento a que se destinar\u00e1n los datos personales; es decir, del uso o usos que se dar\u00e1 a la informaci\u00f3n recopilada.<\/p>\n\n\n\n<p><strong>Per\u00edodos de retenci\u00f3n de los datos personales<\/strong><\/p>\n\n\n\n<p>Los datos personales solo ser\u00e1n retenidos durante el tiempo m\u00ednimo necesario para los fines de su tratamiento y, en todo caso, \u00fanicamente durante el siguiente plazo: el tiempo marcado por la ley, o hasta que el Usuario solicite su supresi\u00f3n.<\/p>\n\n\n\n<p>En el momento en que se obtengan los datos personales, se informar\u00e1 al Usuario acerca del plazo durante el cual se conservar\u00e1n los datos personales o, cuando eso no sea posible, los criterios utilizados para determinar este plazo.<\/p>\n\n\n\n<p><strong>Destinatarios de los datos personales<\/strong><\/p>\n\n\n\n<p>Los datos personales del Usuario ser\u00e1n compartidos con los siguientes destinatarios o categor\u00edas de destinatarios:<\/p>\n\n\n\n<p>-GUARDIA CIVIL:&nbsp;<a href=\"https:\/\/hospederias.guardiacivil.es\/\">https:\/\/hospederias.guardiacivil.es\/<\/a><\/p>\n\n\n\n<p>En caso de que el Responsable del tratamiento tenga la intenci\u00f3n de transferir datos personales a un tercer pa\u00eds u organizaci\u00f3n internacional, en el momento en que se obtengan los datos personales, se informar\u00e1 al Usuario acerca del tercer pa\u00eds u organizaci\u00f3n internacional al cual se tiene la intenci\u00f3n de transferir los datos, as\u00ed como de la existencia o ausencia de una decisi\u00f3n de adecuaci\u00f3n de la Comisi\u00f3n.<\/p>\n\n\n\n<p><strong>Datos personales de menores de edad<\/strong><\/p>\n\n\n\n<p>Respetando lo establecido en los art\u00edculos 8 del RGPD y 13 del RDLOPD, solo los mayores de 14 a\u00f1os podr\u00e1n otorgar su consentimiento para el tratamiento de sus datos personales de forma l\u00edcita por&nbsp;<strong>Casa Rural La Vi\u00f1a<\/strong>. Si se trata de un menor de 14 a\u00f1os, ser\u00e1 necesario el consentimiento de los padres o tutores para el&nbsp;tratamiento, y este solo se considerar\u00e1 l\u00edcito en la medida en la que los mismos lo hayan autorizado.<\/p>\n\n\n\n<p><strong>Secreto y seguridad de los datos personales<\/strong><\/p>\n\n\n\n<p><strong>Casa Rural La Vi\u00f1a<\/strong>&nbsp;se compromete a adoptar las medidas t\u00e9cnicas y organizativas necesarias, seg\u00fan el nivel de seguridad adecuado al riesgo de los datos recogidos, de forma que se garantice la seguridad de los datos de car\u00e1cter personal y se evite la destrucci\u00f3n, p\u00e9rdida o alteraci\u00f3n accidental o il\u00edcita de datos personales transmitidos, conservados o tratados de otra forma, o la comunicaci\u00f3n o acceso no autorizados a dichos datos.<\/p>\n\n\n\n<p>El Sitio Web cuenta con un certificado SSL (Secure Socket Layer), que asegura que los datos personales se transmiten de forma segura y confidencial, al ser la transmisi\u00f3n de los datos entre el servidor y el Usuario, y en retroalimentaci\u00f3n, totalmente cifrada o encriptada.<\/p>\n\n\n\n<p>Sin embargo, debido a que&nbsp;<strong>Casa Rural La Vi\u00f1a<\/strong>&nbsp;no puede garantizar la inexpugnabilidad de internet ni la ausencia total de hackers u otros que accedan de modo fraudulento a los datos personales, el Responsable del tratamiento se compromete a comunicar al Usuario sin dilaci\u00f3n indebida cuando ocurra una violaci\u00f3n de la seguridad de los datos personales que sea probable que entra\u00f1e un alto riesgo para los derechos y libertades de las personas f\u00edsicas. Siguiendo lo establecido en el art\u00edculo 4 del RGPD, se entiende por violaci\u00f3n de la seguridad de los datos personales toda violaci\u00f3n de la seguridad que ocasione la destrucci\u00f3n, p\u00e9rdida o alteraci\u00f3n accidental o il\u00edcita de datos personales transmitidos, conservados o tratados de otra forma, o la comunicaci\u00f3n o acceso no autorizados a dichos datos.<\/p>\n\n\n\n<p>Los datos personales ser\u00e1n tratados como confidenciales por el Responsable del tratamiento, quien se compromete a informar de y a garantizar por medio de una obligaci\u00f3n legal o contractual que dicha confidencialidad sea respetada por sus empleados, asociados, y toda persona a la cual le haga accesible la informaci\u00f3n.<\/p>\n\n\n\n<p><strong>Derechos derivados del tratamiento de los datos personales<\/strong><\/p>\n\n\n\n<p>El Usuario tiene sobre&nbsp;<strong>Casa Rural La Vi\u00f1a<\/strong>&nbsp;y podr\u00e1, por tanto, ejercer frente al Responsable del tratamiento los siguientes derechos reconocidos en el RGPD:<\/p>\n\n\n\n<ul class=\"wp-block-list\">\n<li><em>Derecho de acceso<\/em>: Es el derecho del Usuario a obtener confirmaci\u00f3n de si&nbsp;<strong>Casa Rural La Vi\u00f1a&nbsp;<\/strong>est\u00e1 tratando o no sus datos personales y, en caso afirmativo, obtener informaci\u00f3n sobre sus datos concretos de car\u00e1cter personal y del tratamiento que&nbsp;<strong>Casa Rural La Vi\u00f1a&nbsp;<\/strong>haya realizado o realice, as\u00ed como, entre otra, de la informaci\u00f3n disponible sobre el origen de dichos datos y los destinatarios de las comunicaciones realizadas o previstas de los mismos.<\/li>\n\n\n\n<li><em>Derecho de rectificaci\u00f3n<\/em>: Es el derecho del Usuario a que se modifiquen sus datos personales que resulten ser inexactos o, teniendo en cuenta los fines del tratamiento, incompletos.<\/li>\n\n\n\n<li><em>Derecho de supresi\u00f3n (\u00abel derecho al olvido\u00bb)<\/em>: Es el derecho del Usuario, siempre que la legislaci\u00f3n vigente no establezca lo contrario, a obtener la supresi\u00f3n de sus datos personales cuando estos ya no sean necesarios para los fines para los cuales fueron recogidos o tratados; el Usuario haya retirado su consentimiento al tratamiento y este no cuente con otra base legal; el Usuario se oponga al tratamiento y no exista otro motivo leg\u00edtimo para continuar con el mismo; los datos personales hayan sido tratados il\u00edcitamente mente; los datos personales deban suprimirse en cumplimiento de una obligaci\u00f3n legal; o los datos personales hayan sido obtenidos producto de una oferta directa de servicios de la sociedad de la informaci\u00f3n a un menor de 14 a\u00f1os. Adem\u00e1s de suprimir los datos, el Responsable del tratamiento, teniendo en cuenta la tecnolog\u00eda disponible y el coste de su aplicaci\u00f3n, deber\u00e1 adoptar medidas razonables para informar a los responsables que est\u00e9n tratando los datos personales de la solicitud del interesado de supresi\u00f3n de cualquier enlace a esos datos personales.<\/li>\n\n\n\n<li><em>Derecho a la limitaci\u00f3n del tratamiento<\/em>: Es el derecho del Usuario a limitar el tratamiento de sus datos personales. El Usuario tiene derecho a obtener la limitaci\u00f3n del tratamiento cuando impugne la exactitud de sus datos personales; el tratamiento sea il\u00edcito; el Responsable del tratamiento ya no necesite los datos personales, pero el Usuario lo necesite para hacer reclamaciones; y cuando el Usuario se haya opuesto al tratamiento.<\/li>\n\n\n\n<li><em>Derecho a la portabilidad de los datos<\/em>: En caso de que el tratamiento se efect\u00fae por medios automatizados, el Usuario tendr\u00e1 derecho a recibir del Responsable del tratamiento sus datos personales en un formato estructurado, de uso com\u00fan y lectura mec\u00e1nica, y a transmitirlos a otro responsable del tratamiento. Siempre que sea t\u00e9cnicamente posible, el Responsable del tratamiento transmitir\u00e1 directamente los datos a ese otro responsable.<\/li>\n\n\n\n<li><em>Derecho de oposici\u00f3n<\/em>: Es el derecho del Usuario a que no se lleve a cabo el tratamiento de sus datos de car\u00e1cter personal o se cese el tratamiento de los mismos por parte de&nbsp;<strong>Casa Rural La Vi\u00f1a.<\/strong><\/li>\n\n\n\n<li><em>Derecho a no ser a no ser objeto de una decisi\u00f3n basada \u00fanicamente en el tratamiento automatizado, incluida la elaboraci\u00f3n de perfiles<\/em>: Es el derecho del Usuario a no ser objeto de una decisi\u00f3n individualizada basada \u00fanicamente en el tratamiento automatizado de sus datos personales, incluida la elaboraci\u00f3n de perfiles, existente salvo que la legislaci\u00f3n vigente establezca lo contrario.<\/li>\n<\/ul>\n\n\n\n<p>As\u00ed pues, el Usuario podr\u00e1 ejercitar sus derechos mediante comunicaci\u00f3n escrita dirigida al Responsable del tratamiento con la referencia \u00abRGPD-lavi\u00f1acr.com\u00bb, especificando:<\/p>\n\n\n\n<ul class=\"wp-block-list\">\n<li>Nombre, apellidos del Usuario y copia del DNI. En los casos en que se admita la representaci\u00f3n, ser\u00e1 tambi\u00e9n necesaria la identificaci\u00f3n por el mismo medio de la persona que representa al Usuario, as\u00ed como el documento acreditativo de la representaci\u00f3n. La fotocopia del DNI podr\u00e1 ser sustituida, por cualquier otro medio v\u00e1lido en derecho que acredite la identidad.<\/li>\n\n\n\n<li>Petici\u00f3n con los motivos espec\u00edficos de la solicitud o informaci\u00f3n a la que se quiere acceder.<\/li>\n\n\n\n<li>Domicilio a efecto de notificaciones.<\/li>\n\n\n\n<li>Fecha y firma del solicitante.<\/li>\n\n\n\n<li>Todo documento que acredite la petici\u00f3n que formula.<\/li>\n<\/ul>\n\n\n\n<p>Esta solicitud y todo otro documento adjunto podr\u00e1 enviarse a la siguiente direcci\u00f3n y\/o correo electr\u00f3nico:<\/p>\n\n\n\n<p>Direcci\u00f3n:<\/p>\n\n\n\n<p>Calle Federico Garc\u00eda Lorca 41<\/p>\n\n\n\n<p>Puebla de Alcocer (Badajoz)<\/p>\n\n\n\n<p>Email de contacto: lavinacrpuebla@gmail.com<\/p>\n\n\n\n<p><strong>Enlaces a sitios web de terceros<\/strong><\/p>\n\n\n\n<p>El Sitio Web puede incluir hiperv\u00ednculos o enlaces que permiten acceder a p\u00e1ginas web de terceros distintos de&nbsp;<strong>Casa Rural La Vi\u00f1a<\/strong>. Los titulares de dichos sitios web dispondr\u00e1n de sus propias pol\u00edticas de protecci\u00f3n de datos, siendo ellos mismos, en cada caso, responsables de sus propios ficheros y de sus propias pr\u00e1cticas de privacidad.<\/p>\n\n\n\n<p><strong>Reclamaciones ante la autoridad de control<\/strong><\/p>\n\n\n\n<p>En caso de que el Usuario considere que existe un problema o infracci\u00f3n de la normativa vigente en la forma en la que se est\u00e1n tratando sus datos personales, tendr\u00e1 derecho a la tutela judicial efectiva y a presentar una reclamaci\u00f3n ante una autoridad de control, en particular, en el Estado en el que tenga su residencia habitual, lugar de trabajo o lugar de la supuesta infracci\u00f3n. En el caso de Espa\u00f1a, la autoridad de control es la Agencia Espa\u00f1ola de Protecci\u00f3n de Datos (<a href=\"http:\/\/www.agpd.es\/\">http:\/\/www.agpd.es<\/a>).<\/p>\n\n\n\n<p><strong>POL\u00cdTICA DE COOKIES<\/strong><\/p>\n\n\n\n<p>El acceso a este Sitio Web puede implicar la utilizaci\u00f3n de cookies. Las cookies son peque\u00f1as cantidades de informaci\u00f3n que se almacenan en el navegador utilizado por cada Usuario \u2014en los distintos dispositivos que pueda utilizar para navegar\u2014 para que el servidor recuerde cierta informaci\u00f3n que posteriormente y \u00fanicamente el servidor que la implement\u00f3 leer\u00e1. Las cookies facilitan la navegaci\u00f3n, la hacen m\u00e1s amigable, y no da\u00f1an el dispositivo de navegaci\u00f3n.<\/p>\n\n\n\n<p>Las cookies son procedimientos autom\u00e1ticos de recogida de informaci\u00f3n relativa a las preferencias determinadas por el Usuario durante su visita al Sitio Web con el fin de reconocerlo como Usuario, y personalizar su experiencia y el uso del Sitio Web, y pueden tambi\u00e9n, por ejemplo, ayudar a identificar y resolver errores.<\/p>\n\n\n\n<p>La informaci\u00f3n recabada a trav\u00e9s de las cookies puede incluir la fecha y hora de visitas al Sitio Web, las p\u00e1ginas visionadas, el tiempo que ha estado en el Sitio Web y los sitios visitados justo antes y despu\u00e9s del mismo. Sin embargo, ninguna cookie permite que esta misma pueda contactarse con el n\u00famero de tel\u00e9fono del Usuario o con cualquier otro medio de contacto personal. Ninguna cookie puede extraer informaci\u00f3n del disco duro del Usuario o robar informaci\u00f3n personal. La \u00fanica manera de que la informaci\u00f3n privada del Usuario forme parte del archivo Cookie es que el usuario d\u00e9 personalmente esa informaci\u00f3n al servidor.<\/p>\n\n\n\n<p>Las cookies que permiten identificar a una persona se consideran datos personales. Por tanto, a las mismas les ser\u00e1 de aplicaci\u00f3n la Pol\u00edtica de Privacidad anteriormente descrita. En este sentido, para la utilizaci\u00f3n de las mismas ser\u00e1 necesario el consentimiento del Usuario. Este consentimiento ser\u00e1 comunicado, en base a una elecci\u00f3n aut\u00e9ntica, ofrecido mediante una decisi\u00f3n afirmativa y positiva, antes del tratamiento inicial, removible y documentado.<\/p>\n\n\n\n<p><strong>Cookies propias<\/strong><\/p>\n\n\n\n<p>Son aquellas cookies que son enviadas al ordenador o dispositivo del Usuario y gestionadas exclusivamente por&nbsp;<strong>Casa Rural La Vi\u00f1a<\/strong>&nbsp;para el mejor funcionamiento del Sitio Web. La informaci\u00f3n que se recaba se emplea para mejorar la calidad del Sitio Web y su Contenido y su experiencia como Usuario. Estas cookies permiten reconocer al Usuario como visitante recurrente del Sitio Web y adaptar el contenido para ofrecerle contenidos que se ajusten a sus preferencias.<\/p>\n\n\n\n<p><strong>Cookies de terceros<\/strong><\/p>\n\n\n\n<p>Son cookies utilizadas y gestionadas por entidades externas que proporcionan a&nbsp;&nbsp;<strong>Casa Rural La Vi\u00f1a<\/strong>&nbsp;servicios solicitados por este mismo para mejorar el Sitio Web y la experiencia del usuario al navegar en el Sitio Web. Los principales objetivos para los que se utilizan cookies de terceros son la obtenci\u00f3n de estad\u00edsticas de accesos y analizar la informaci\u00f3n de la navegaci\u00f3n, es decir, c\u00f3mo interact\u00faa el Usuario con el Sitio Web.<\/p>\n\n\n\n<p>La informaci\u00f3n que se obtiene se refiere, por ejemplo, al n\u00famero de p\u00e1ginas visitadas, el idioma, el lugar a la que la direcci\u00f3n IP desde el que accede el Usuario, el n\u00famero de Usuarios que acceden, la frecuencia y reincidencia de las visitas, el tiempo de visita, el navegador que usan, el operador o tipo de dispositivo desde el que se realiza la visita. Esta informaci\u00f3n se utiliza para mejorar el Sitio Web, y detectar nuevas necesidades para ofrecer a los Usuarios un Contenido y\/o servicio de \u00f3ptima calidad. En todo caso, la informaci\u00f3n se recopila de forma an\u00f3nima y se elaboran informes de tendencias del Sitio Web sin identificar a usuarios individuales.<\/p>\n\n\n\n<p>Puede obtener m\u00e1s informaci\u00f3n sobre las cookies, la informaci\u00f3n sobre la privacidad, o consultar la descripci\u00f3n del tipo de cookies que se utiliza, sus principales caracter\u00edsticas, periodo de expiraci\u00f3n, etc. en los siguientes enlaces:<\/p>\n\n\n\n<p>-Google analytics:<a href=\"https:\/\/developers.google.com\/analytics\">https:\/\/developers.google.com\/analytics<\/a><br>-Jetpack:&nbsp;<a href=\"https:\/\/jetpack.com\/support\/privacy\/\">https:\/\/jetpack.com\/support\/privacy\/<\/a><\/p>\n\n\n\n<p>Las entidades encargadas del suministro de cookies podr\u00e1n ceder esta informaci\u00f3n a terceros, siempre y cuando lo exija la ley o sea un tercero el que procese esta informaci\u00f3n para dichas entidades.<\/p>\n\n\n\n<p><strong>Deshabilitar, rechazar y eliminar cookies<\/strong><\/p>\n\n\n\n<p>El Usuario puede deshabilitar, rechazar y eliminar las cookies \u2014total o parcialmente\u2014 instaladas en su dispositivo mediante la configuraci\u00f3n de su navegador (entre los que se encuentran, por ejemplo, Chrome, Firefox, Safari, Explorer). En este sentido, los procedimientos para rechazar y eliminar las cookies pueden diferir de un navegador de Internet a otro. En consecuencia, el Usuario debe acudir a las instrucciones facilitadas por el propio navegador de Internet que est\u00e9 utilizando. En el supuesto de que rechace el uso de cookies \u2014total o parcialmente\u2014 podr\u00e1 seguir usando el Sitio Web, si bien podr\u00e1 tener limitada la utilizaci\u00f3n de algunas de las prestaciones del mismo.<\/p>\n\n\n\n<p><strong><br><\/strong><strong>ACEPTACI\u00d3N Y CAMBIOS EN ESTA POL\u00cdTICA DE PRIVACIDAD<\/strong><\/p>\n\n\n\n<p>Es necesario que el Usuario haya le\u00eddo y est\u00e9 conforme con las condiciones sobre la protecci\u00f3n de datos de car\u00e1cter personal contenidas en esta Pol\u00edtica de Privacidad y de Cookies, as\u00ed como que acepte el tratamiento de sus datos personales para que el Responsable del tratamiento pueda proceder al mismo en la forma, durante los plazos y para las finalidades indicadas. El uso del Sitio Web implicar\u00e1 la aceptaci\u00f3n de la Pol\u00edtica de Privacidad y de Cookies del mismo.<\/p>\n\n\n\n<p><strong>Casa Rural La Vi\u00f1a<\/strong>&nbsp;se reserva el derecho a modificar su Pol\u00edtica de Privacidad y de Cookies, de acuerdo a su propio criterio, o motivado por un cambio legislativo, jurisprudencial o doctrinal de la Agencia Espa\u00f1ola de Protecci\u00f3n de Datos. Los cambios o actualizaciones de esta Pol\u00edtica de Privacidad y de Cookies no ser\u00e1n notificados de forma expl\u00edcita al Usuario. Se recomienda al Usuario consultar esta p\u00e1gina de forma peri\u00f3dica para estar al tanto de los \u00faltimos cambios o actualizaciones.<\/p>\n\n\n\n<p>Esta Pol\u00edtica de Privacidad y de Cookies est\u00e1 actualizada para adaptarse al Reglamento (UE) 2016\/679 del Parlamento Europeo y del Consejo, de 27 de abril de 2016, relativo a la protecci\u00f3n de las personas f\u00edsicas en lo que respecta al tratamiento de datos personales y a la libre circulaci\u00f3n de estos datos (RGPD).<\/p>\n\n\n\n<p><strong>REGLAMENTO REG\u00cdMEN INTERNO DE CASA RURAL LA VI\u00d1A<\/strong><\/p>\n\n\n\n<p><strong>CONDICIONES DE ADMISI\u00d3N<\/strong><\/p>\n\n\n\n<ol class=\"wp-block-list\">\n<li>Los usuarios est\u00e1n obligados a presentar documento de identificaci\u00f3n en el momento de su admisi\u00f3n en&nbsp;<strong>Casa Rural La Vi\u00f1a.<\/strong><\/li>\n\n\n\n<li>A todo usuario, antes de su admisi\u00f3n, le ser\u00e1 entregado un parte de viajeros que contendr\u00e1 adem\u00e1s informaci\u00f3n del servicio que deber\u00e1 ser cumplimentado y firmado obligatoriamente por el cliente, y en la que conste nombre, clasificaci\u00f3n y categor\u00eda del establecimiento, identificaci\u00f3n del turista, numero o identificaci\u00f3n de unidad de alojamiento, capacidad de la unidad del alojamiento, precio de la unidad del alojamiento y del resto de los servicios reservados o contratados, fecha de entrada y de salida, limite horario y r\u00e9gimen de salida e instalaci\u00f3n de cuna. Este documento una vez cumplimentado y firmado por parte del turista, tendr\u00e1 valor probatorio a efectos administrativos y ser\u00e1 conservado por&nbsp;<strong>Casa Rural La Vi\u00f1a<\/strong>&nbsp;a disposici\u00f3n del \u00f3rgano perif\u00e9rico competente durante un periodo de seis meses.<\/li>\n<\/ol>\n\n\n\n<p><strong>NORMAS DE CONVIVENCIA Y FUNCIONAMIENTO<\/strong><\/p>\n\n\n\n<p>El cliente, al hacer la reserva del alojamiento, acepta las presentes normas de convivencia y funcionamiento que deber\u00e1 cumplir durante su estancia en el mismo.<\/p>\n\n\n\n<ol class=\"wp-block-list\">\n<li>Los clientes encuentran el establecimiento en perfectas condiciones. Se les acompa\u00f1a y se les ense\u00f1a todas las instalaciones de la casa.<\/li>\n\n\n\n<li>Los clientes son conscientes de que se aloja en una casa rural, para hacer Turismo Rural, para su disfrute, descanso y acomodo.<\/li>\n\n\n\n<li>En ning\u00fan caso, la casa puede ser usada como sala de fiestas y despedida de solteros, local de baile o instalaci\u00f3n destinada al jolgorio o a actividades que puedan resultar agresivas contra las instalaciones o el mobiliario del hogar. La Propiedad no se hace responsable de los da\u00f1os causados por el mal uso de las calderas u otros electrodom\u00e9sticos existentes en la casa para uso de los clientes.<\/li>\n\n\n\n<li>Los ocupantes no podr\u00e1n realizar en la casa rural actividades molestas, insalubres, nocivas o peligrosas.<\/li>\n\n\n\n<li>Encontrar\u00e1 los extintores en diversos puntos del establecimiento.<\/li>\n\n\n\n<li>El horario de entrada se establece de 13:00 a 23:00 horas y el de salida de 8:00 a 12:00 horas, salvo pacto con el propietario. Se pedir\u00e1 previamente la comunicaci\u00f3n por tel\u00e9fono u otros medios electr\u00f3nicos la hora de llegada aproximada el d\u00eda de entrada.<\/li>\n\n\n\n<li>No est\u00e1 permitida la estancia o pernocta de otras personas que no sean las que han adquirido la casa rural salvo autorizaci\u00f3n expresa del propietario. Las pernoctaciones de m\u00e1s personas de las declaradas incluidos los ni\u00f1os, se considerar\u00e1 una infracci\u00f3n a las reglas de contrataci\u00f3n del alojamiento llevar\u00e1 un recargo sobre la tarifa acordada entre las partes, de 30 \u20ac por persona y noche seg\u00fan la temporada que se cobrar\u00e1 a la salida del alojamiento.<\/li>\n\n\n\n<li>Las tarifas aplicables son por habitaciones adem\u00e1s de servicios complementarios.<\/li>\n\n\n\n<li>Los usuarios tienen la obligaci\u00f3n de abonar el importe de los servicios contratados previamente al momento de la entrega de llaves, adem\u00e1s de haber ingresado previamente el importe correspondiente a la reserva y fianza.<\/li>\n\n\n\n<li>Las formas de pago que se admiten son: efectivo, tarjeta y transferencia bancaria y bizum.<\/li>\n\n\n\n<li>De acuerdo a lo establecido en la normativa vigente, para hacer la reserva anticipada de la casa es necesario ingresar en cuenta bancaria el importe del 50 % del coste total de la reserva en concepto de reserva y fianza.&nbsp; Si la anulaci\u00f3n se comunica al establecimiento con m\u00e1s de 15 d\u00edas, por causa justificada, se devolver\u00e1 todo el dinero de la reserva. Si la anulaci\u00f3n se realiza dentro de los 7 d\u00edas anteriores al se\u00f1alado para la ocupaci\u00f3n el establecimiento podr\u00e1 retener la cantidad depositada en concepto de anticipo o se\u00f1al. En caso de anularse por causa de fuerza mayor o sobrevenida debidamente justificada, no se retendr\u00e1 importe alguno.<\/li>\n\n\n\n<li>Antes de efectuar la devoluci\u00f3n de la fianza se inspeccionar\u00e1 la casa y los enseres comprobando su estado y utilizaci\u00f3n de los mismos previa salida del cliente.<\/li>\n\n\n\n<li>Los datos personales ser\u00e1n incorporados a un fichero de car\u00e1cter personal, cuya finalidad es el mejor funcionamiento del alojamiento.<\/li>\n<\/ol>\n\n\n\n<p><strong>OBLIGACIONES DE LA PROPIEDAD<\/strong><\/p>\n\n\n\n<ol class=\"wp-block-list\">\n<li>Mantener en buen estado de uso de tantos muebles y estancias que ofrece el alojamiento.<\/li>\n\n\n\n<li>Las habitaciones est\u00e1n equipadas con ropa de cama y los cuartos de ba\u00f1o con toallas de ba\u00f1o y aseo.<\/li>\n\n\n\n<li>En las reservas superiores a siete d\u00edas se efectuar\u00e1 el cambio de ropa de cama semanal.<\/li>\n\n\n\n<li>Existen hojas de reclamaciones a disposici\u00f3n del cliente, siendo esta la v\u00eda para solucionar cualquier desavenencia de los clientes con el propietario. No es admisible la cr\u00edtica negativa en cualquiera de los portales y foros existentes en internet que manifieste situaciones y quejas no reflejadas en estas hojas oficiales de reclamaci\u00f3n tramitadas por los conductos legales, que pudieran reportar perjuicios econ\u00f3micos para la propiedad o el prestigio del alojamiento, o contribuyan a la mala imagen o difamaci\u00f3n contra el propietario o la casa rural.<\/li>\n<\/ol>\n\n\n\n<p><strong>OBLIGACIONES DEL CLIENTE<\/strong><\/p>\n\n\n\n<ol class=\"wp-block-list\">\n<li>El cliente se har\u00e1 cargo de los da\u00f1os producidos por negligencia o mal uso y abonar\u00e1 los costes de su reposici\u00f3n.<\/li>\n\n\n\n<li><strong>Casa Rural La Vi\u00f1a<\/strong>&nbsp;no se hace responsable de las posibles p\u00e9rdidas o sustracciones de dinero u objetos de valor que se encuentren en las instalaciones.<\/li>\n\n\n\n<li>El mobiliario, los electrodom\u00e9sticos y la instalaci\u00f3n en general, se han de tratar con cuidado.<\/li>\n\n\n\n<li>No manipulen el termostato de la calefacci\u00f3n, est\u00e1 programado y su desprogramaci\u00f3n repercutir\u00e1 en su funcionamiento.<\/li>\n\n\n\n<li>Velar por el adecuado uso y cuidado de las instalaciones y mobiliario.<\/li>\n\n\n\n<li>La calefacci\u00f3n est\u00e1 programada para proporcionar en el alojamiento la temperatura de confortable, no es responsabilidad del propietario la p\u00e9rdida de temperatura por ventilaci\u00f3n o descuido de puertas y ventanas abiertas por el cliente.<\/li>\n\n\n\n<li>Debe incentivarse el ahorro energ\u00e9tico, as\u00ed como la reducci\u00f3n del consumo de agua y el respeto al medio ambiente.<\/li>\n\n\n\n<li>Una vez en la casa se rellenar\u00e1 la hoja de registro con los datos solicitados por la guardia civil y turismo, para todas las personas mayores de 16 a\u00f1os.<\/li>\n\n\n\n<li>El cliente podr\u00e1 solicitar otros servicios al alojamiento: restaurantes, taxis, actividades siempre bajo precio o informaci\u00f3n sobre los recursos tur\u00edsticos de la comarca y cuantos favores est\u00e9 en su mano proporcionarle, informaci\u00f3n de la zona, caminos y senderos, museos, artesan\u00eda.<\/li>\n<\/ol>\n","protected":false},"excerpt":{"rendered":"<p>POL\u00cdTICA DE PRIVACIDAD DEL SITIO WEB&nbsp;&nbsp;lavi\u00f1acr.com POL\u00cdTICA DE PRIVACIDAD Y PROTECCI\u00d3N DE DATOS Respetando lo establecido en la legislaci\u00f3n vigente, Casa Rural La Vi\u00f1a (en &hellip; <\/p>\n","protected":false},"author":1,"featured_media":0,"parent":0,"menu_order":0,"comment_status":"closed","ping_status":"closed","template":"","meta":{"_eb_attr":"","footnotes":""},"class_list":["post-164","page","type-page","status-publish","hentry","latest_post"],"_links":{"self":[{"href":"http:\/\/xn--laviacr-7za.com\/index.php\/wp-json\/wp\/v2\/pages\/164","targetHints":{"allow":["GET"]}}],"collection":[{"href":"http:\/\/xn--laviacr-7za.com\/index.php\/wp-json\/wp\/v2\/pages"}],"about":[{"href":"http:\/\/xn--laviacr-7za.com\/index.php\/wp-json\/wp\/v2\/types\/page"}],"author":[{"embeddable":true,"href":"http:\/\/xn--laviacr-7za.com\/index.php\/wp-json\/wp\/v2\/users\/1"}],"replies":[{"embeddable":true,"href":"http:\/\/xn--laviacr-7za.com\/index.php\/wp-json\/wp\/v2\/comments?post=164"}],"version-history":[{"count":2,"href":"http:\/\/xn--laviacr-7za.com\/index.php\/wp-json\/wp\/v2\/pages\/164\/revisions"}],"predecessor-version":[{"id":275,"href":"http:\/\/xn--laviacr-7za.com\/index.php\/wp-json\/wp\/v2\/pages\/164\/revisions\/275"}],"wp:attachment":[{"href":"http:\/\/xn--laviacr-7za.com\/index.php\/wp-json\/wp\/v2\/media?parent=164"}],"curies":[{"name":"wp","href":"https:\/\/api.w.org\/{rel}","templated":true}]}}